{"id":23,"date":"2026-04-09T10:34:44","date_gmt":"2026-04-09T10:34:44","guid":{"rendered":"https:\/\/evanolke.dk\/?page_id=23"},"modified":"2026-04-10T12:58:27","modified_gmt":"2026-04-10T12:58:27","slug":"forfatterskab","status":"publish","type":"page","link":"https:\/\/evanolke.dk\/index.php\/forfatterskab\/","title":{"rendered":"Forfatterskab"},"content":{"rendered":"\n<div class=\"wp-block-group alignfull has-global-padding is-layout-constrained wp-block-group-is-layout-constrained\" style=\"margin-top:0;margin-bottom:0\">\n<div class=\"wp-block-columns alignfull is-layout-flex wp-container-core-columns-is-layout-9c22b1e3 wp-block-columns-is-layout-flex\">\n<div class=\"wp-block-column is-layout-flow wp-block-column-is-layout-flow\" style=\"flex-basis:55%\">\n<div class=\"wp-block-cover\" style=\"min-height:100vh;aspect-ratio:unset;\"><img loading=\"lazy\" decoding=\"async\" width=\"1024\" height=\"683\" class=\"wp-block-cover__image-background wp-image-61 size-large\" alt=\"\" src=\"https:\/\/evanolke.dk\/wp-content\/uploads\/2026\/04\/Skoenlitteratur-1024x683.png\" data-object-fit=\"cover\" srcset=\"https:\/\/evanolke.dk\/wp-content\/uploads\/2026\/04\/Skoenlitteratur-1024x683.png 1024w, https:\/\/evanolke.dk\/wp-content\/uploads\/2026\/04\/Skoenlitteratur-300x200.png 300w, https:\/\/evanolke.dk\/wp-content\/uploads\/2026\/04\/Skoenlitteratur-768x512.png 768w, https:\/\/evanolke.dk\/wp-content\/uploads\/2026\/04\/Skoenlitteratur.png 1536w\" sizes=\"auto, (max-width: 1024px) 100vw, 1024px\" \/><span aria-hidden=\"true\" class=\"wp-block-cover__background has-background-dim-0 has-background-dim\" style=\"background-color:#8f6c78\"><\/span><div class=\"wp-block-cover__inner-container is-layout-flow wp-block-cover-is-layout-flow\">\n<div style=\"height:var(--wp--preset--spacing--20)\" aria-hidden=\"true\" class=\"wp-block-spacer\"><\/div>\n<\/div><\/div>\n<\/div>\n\n\n\n<div class=\"wp-block-column is-vertically-aligned-center is-layout-flow wp-block-column-is-layout-flow\" style=\"padding-top:var(--wp--preset--spacing--60);padding-right:var(--wp--preset--spacing--60);padding-bottom:var(--wp--preset--spacing--60);padding-left:var(--wp--preset--spacing--60)\">\n<h2 class=\"wp-block-heading has-xx-large-font-size\">Mit forfatterskab<\/h2>\n\n\n\n<p>Jeg har skrevet, s\u00e5 l\u00e6nge jeg kan huske. Ikke som en plan. Men som en m\u00e5de at forst\u00e5 det, der ikke altid er let at s\u00e6tte ord p\u00e5. <\/p>\n\n\n\n<p>I 2003 vandt jeg Jyllands-Postens novellekonkurrence med En tur til Malm\u00f6. Senere blev novellen en del af min samling En tur til Malm\u00f6 og 11 andre sk\u00e6bnefort\u00e6llinger fra 2020. <\/p>\n\n\n\n<p>Mine tekster kredser om det menneskelige. Relationer. Valg. Det, der sker under overfladen. Det, vi m\u00e6rker, men ikke altid siger h\u00f8jt. To forskellige spor <\/p>\n\n\n\n<p>Jeg har skrevet i flere genrer. P\u00e5 myretur til Str\u00f8mpeland er en fort\u00e6lling med eventyr og fantasi, hvor verden ses fra et andet perspektiv. <\/p>\n<\/div>\n<\/div>\n<\/div>\n\n\n\n<div class=\"wp-block-group alignfull is-style-default has-global-padding is-layout-constrained wp-block-group-is-layout-constrained\" style=\"margin-top:0;margin-bottom:0;padding-top:var(--wp--preset--spacing--60);padding-bottom:var(--wp--preset--spacing--60)\">\n<div class=\"wp-block-columns alignwide is-layout-flex wp-container-core-columns-is-layout-6ef9061c wp-block-columns-is-layout-flex\">\n<div class=\"wp-block-column is-layout-flow wp-block-column-is-layout-flow\" style=\"flex-basis:60%\">\n<div class=\"wp-block-group is-vertical is-layout-flex wp-container-core-group-is-layout-913d5755 wp-block-group-is-layout-flex\" style=\"padding-bottom:var(--wp--preset--spacing--30)\">\n<p>En tur til Malm\u00f6 og 11 andre sk\u00e6bnefort\u00e6llinger er mere jordn\u00e6r. Her er det livet, som det leves. Med alt det, der f\u00f8lger med. <\/p>\n\n\n\n<p>F\u00e6lles for begge er en nysgerrighed p\u00e5 det menneskelige. <\/p>\n\n\n\n<p>Jeg skriver ikke p\u00e5 samme m\u00e5de som f\u00f8r. Men det betyder ikke, at det er v\u00e6k. M\u00e5ske kommer det igen. M\u00e5ske i en anden form. For mig h\u00e6nger skrivning og liv t\u00e6t sammen. Og lige nu er det livet, der fylder mest. <\/p>\n\n\n\n<p>Kort sagt: Jeg skriver ikke for at fort\u00e6lle, hvordan ting er. Jeg skriver for at unders\u00f8ge dem.<\/p>\n<\/div>\n<\/div>\n\n\n\n<div class=\"wp-block-column is-layout-flow wp-block-column-is-layout-flow\" style=\"flex-basis:40%\">\n<div class=\"wp-block-columns is-layout-flex wp-container-core-columns-is-layout-28f84493 wp-block-columns-is-layout-flex\">\n<div class=\"wp-block-column is-layout-flow wp-block-column-is-layout-flow\">\n<figure class=\"wp-block-image aligncenter size-large\"><img loading=\"lazy\" decoding=\"async\" width=\"1024\" height=\"683\" src=\"https:\/\/evanolke.dk\/wp-content\/uploads\/2026\/04\/Eva-Noelke-Vesterhavet-1-1024x683.png\" alt=\"\" class=\"wp-image-64\" srcset=\"https:\/\/evanolke.dk\/wp-content\/uploads\/2026\/04\/Eva-Noelke-Vesterhavet-1-1024x683.png 1024w, https:\/\/evanolke.dk\/wp-content\/uploads\/2026\/04\/Eva-Noelke-Vesterhavet-1-300x200.png 300w, https:\/\/evanolke.dk\/wp-content\/uploads\/2026\/04\/Eva-Noelke-Vesterhavet-1-768x512.png 768w, https:\/\/evanolke.dk\/wp-content\/uploads\/2026\/04\/Eva-Noelke-Vesterhavet-1.png 1536w\" sizes=\"auto, (max-width: 1024px) 100vw, 1024px\" \/><\/figure>\n<\/div>\n<\/div>\n<\/div>\n<\/div>\n<\/div>\n\n\n\n<div class=\"wp-block-group alignfull has-global-padding is-layout-constrained wp-block-group-is-layout-constrained\" style=\"margin-top:0;margin-bottom:0;padding-top:var(--wp--preset--spacing--50);padding-bottom:var(--wp--preset--spacing--50)\">\n<div class=\"wp-block-columns alignwide is-layout-flex wp-container-core-columns-is-layout-fa584acd wp-block-columns-is-layout-flex\">\n<div class=\"wp-block-column is-vertically-aligned-center is-layout-flow wp-block-column-is-layout-flow\">\n<h2 class=\"wp-block-heading has-xx-large-font-size\">EN TUR TIL MALM\u00d6<\/h2>\n\n\n\n<p>12 st\u00e6rke fort\u00e6llinger om menneskers liv, deres valg og deres plads i verden. Om relationer, om det vi viser hinanden \u2013 og det, der gemmer sig lige under overfladen.<\/p>\n\n\n\n<p>Fort\u00e6llingerne balancerer mellem alvor og varme, med plads til b\u00e5de k\u00e6rlighed, humor og refleksion.<\/p>\n\n\n\n<p>Samlingen rummer blandt andet den prisbel\u00f8nnede novelle <em>&#8220;En tur til Malm\u00f6&#8221;<\/em>.<\/p>\n\n\n\n<p class=\"has-medium-font-size\">Vinder af Jyllands-Postens novellekonkurrence 2003<br>5 ud af 5 stjerner fra <em><a href=\"https:\/\/dinboganmelder.dk\/eva-noelke-en-tur-til-malmo\/\">Din boganmelder<\/a><\/em><br><a href=\"https:\/\/bibliotek.dk\/anmeldelse\/en-tur-til-malmo-og-11-andre-gribende-skaebnefortaellinger\/work-of:870970-basis:48849865\/870976-anmeld:130962483?tid=rmLZv1775823397744309443169\"><em>Lekt\u00f8rudtalelse<\/em><\/a><\/p>\n\n\n\n<div class=\"wp-block-buttons is-layout-flex wp-block-buttons-is-layout-flex\">\n<div class=\"wp-block-button\"><a class=\"wp-block-button__link wp-element-button\" href=\"https:\/\/www.bog-ide.dk\/produkt\/2670457\/eva-noelke-en-tur-til-malmo-paperback\/2849413\">K\u00f8b den her<\/a><\/div>\n<\/div>\n<\/div>\n\n\n\n<div class=\"wp-block-column is-vertically-aligned-center is-layout-flow wp-block-column-is-layout-flow\">\n<figure class=\"wp-block-image size-full\"><img loading=\"lazy\" decoding=\"async\" width=\"1024\" height=\"1024\" src=\"https:\/\/evanolke.dk\/wp-content\/uploads\/2026\/04\/En-tur-til-Malmo.png\" alt=\"\" class=\"wp-image-62\" style=\"aspect-ratio:1;object-fit:cover\" srcset=\"https:\/\/evanolke.dk\/wp-content\/uploads\/2026\/04\/En-tur-til-Malmo.png 1024w, https:\/\/evanolke.dk\/wp-content\/uploads\/2026\/04\/En-tur-til-Malmo-300x300.png 300w, https:\/\/evanolke.dk\/wp-content\/uploads\/2026\/04\/En-tur-til-Malmo-150x150.png 150w, https:\/\/evanolke.dk\/wp-content\/uploads\/2026\/04\/En-tur-til-Malmo-768x768.png 768w\" sizes=\"auto, (max-width: 1024px) 100vw, 1024px\" \/><\/figure>\n<\/div>\n<\/div>\n<\/div>\n\n\n\n<div class=\"wp-block-group alignfull has-global-padding is-layout-constrained wp-block-group-is-layout-constrained\" style=\"margin-top:0;margin-bottom:0\">\n<div class=\"wp-block-columns alignfull is-layout-flex wp-container-core-columns-is-layout-9c22b1e3 wp-block-columns-is-layout-flex\">\n<div class=\"wp-block-column is-layout-flow wp-block-column-is-layout-flow\" style=\"flex-basis:55%\">\n<div style=\"aspect-ratio:1;min-height:unset;\" class=\"wp-block-cover is-light has-aspect-ratio\"><img loading=\"lazy\" decoding=\"async\" width=\"1024\" height=\"1024\" class=\"wp-block-cover__image-background wp-image-63 size-full\" alt=\"\" src=\"https:\/\/evanolke.dk\/wp-content\/uploads\/2026\/04\/Paa-myretur-til-Stroempeland.png\" data-object-fit=\"cover\" srcset=\"https:\/\/evanolke.dk\/wp-content\/uploads\/2026\/04\/Paa-myretur-til-Stroempeland.png 1024w, https:\/\/evanolke.dk\/wp-content\/uploads\/2026\/04\/Paa-myretur-til-Stroempeland-300x300.png 300w, https:\/\/evanolke.dk\/wp-content\/uploads\/2026\/04\/Paa-myretur-til-Stroempeland-150x150.png 150w, https:\/\/evanolke.dk\/wp-content\/uploads\/2026\/04\/Paa-myretur-til-Stroempeland-768x768.png 768w\" sizes=\"auto, (max-width: 1024px) 100vw, 1024px\" \/><span aria-hidden=\"true\" class=\"wp-block-cover__background has-background-dim-0 has-background-dim\" style=\"background-color:#a46f88\"><\/span><div class=\"wp-block-cover__inner-container is-layout-flow wp-block-cover-is-layout-flow\">\n<div style=\"height:var(--wp--preset--spacing--20)\" aria-hidden=\"true\" class=\"wp-block-spacer\"><\/div>\n<\/div><\/div>\n<\/div>\n\n\n\n<div class=\"wp-block-column is-vertically-aligned-center is-layout-flow wp-block-column-is-layout-flow\" style=\"padding-top:var(--wp--preset--spacing--60);padding-right:var(--wp--preset--spacing--60);padding-bottom:var(--wp--preset--spacing--60);padding-left:var(--wp--preset--spacing--60)\">\n<h2 class=\"wp-block-heading has-xx-large-font-size\">P\u00c5 MYRETUR TIL STR\u00d8MPELAND<\/h2>\n\n\n\n<p>En eventyrlig fort\u00e6lling om Victor, der en dag finder en m\u00e6rkelig sten i parken. F\u00f8r han ved af det, befinder han sig i en verden under jorden &#8211; langt nede i et myrebo. <\/p>\n\n\n\n<p>Her m\u00f8der han blandt andre professoren og Maria, som har levet blandt myrerne i \u00e5revis. Sammen begiver de sig ud p\u00e5 en rejse for at finde en vej tilbage til den verden, Victor kom fra. <\/p>\n\n\n\n<p>Undervejs m\u00f8der de en r\u00e6kke udfordringer, hvor mod, opfindsomhed og samarbejde bliver afg\u00f8rende. <\/p>\n\n\n\n<p>Og langsomt g\u00e5r det op for Victor, at rejsen ikke kun handler om at finde hjem \u2013 men ogs\u00e5 om at forst\u00e5 den verden, han er blevet en del af.<\/p>\n\n\n\n<p class=\"has-medium-font-size\">4 ud af 5 stjerner ved <em><a href=\"https:\/\/bogrummet.dk\/boganmeldelser\/paa-myretur-til-stroempeland-af-eva-noelke\/\">Bogrummet<\/a><\/em><\/p>\n\n\n\n<div class=\"wp-block-buttons is-layout-flex wp-block-buttons-is-layout-flex\">\n<div class=\"wp-block-button\"><a class=\"wp-block-button__link wp-element-button\" href=\"https:\/\/www.bog-ide.dk\/produkt\/2775934\/eva-noelke-pa-myretur-til-stroempeland-paperback\/2902511\">K\u00f8b den her<\/a><\/div>\n<\/div>\n<\/div>\n<\/div>\n<\/div>\n\n\n\n<div class=\"wp-block-group alignfull has-global-padding is-layout-constrained wp-block-group-is-layout-constrained\" style=\"margin-top:0;margin-bottom:0\">\n<div class=\"wp-block-group alignwide is-layout-flow wp-container-core-group-is-layout-d58a0413 wp-block-group-is-layout-flow\" style=\"padding-top:var(--wp--preset--spacing--50);padding-bottom:var(--wp--preset--spacing--50)\">\n<h1 class=\"wp-block-heading\">Faglige publikationer<\/h1>\n\n\n\n<p>Som biolog og forsker har jeg bidraget til en r\u00e6kke faglige publikationer inden for \u00f8kologi, entomologi og biologisk skadedyrsbek\u00e6mpelse. Mit arbejde har blandt andet haft fokus p\u00e5 samspillet mellem rovdyr og byttedyr samt b\u00e6redygtige l\u00f8sninger i landbrugssystemer. Flere af mine artikler tager afs\u00e6t i forskning fra Vestafrika og Sahel-regionen. Mit faglige fundament bygger p\u00e5 en dyb forst\u00e5else for naturens balance og komplekse sammenh\u00e6nge.<\/p>\n\n\n\n<div class=\"wp-block-columns is-layout-flex wp-container-core-columns-is-layout-cbe57604 wp-block-columns-is-layout-flex\">\n<div class=\"wp-block-column is-layout-flow wp-block-column-is-layout-flow\">\n<div class=\"wp-block-group is-layout-flow wp-block-group-is-layout-flow\" style=\"border-top-color:var(--wp--preset--color--accent-6);border-top-width:1px;padding-top:var(--wp--preset--spacing--30);padding-bottom:var(--wp--preset--spacing--30)\">\n<h2 class=\"wp-block-heading\">Til kamp mod gr\u00e6shopperne <\/h2>\n\n\n\n<p>Eva N\u00f8lke Fisker <br>Faglig artikel <br>Jord og viden . \u00c5rg. 149, nr. 4, 2004 <br>Gr\u00e6shoppebek\u00e6mpelse, biologisk skadedyrsbek\u00e6mpelse, Niger<\/p>\n<\/div>\n<\/div>\n\n\n\n<div class=\"wp-block-column is-layout-flow wp-block-column-is-layout-flow\">\n<div class=\"wp-block-group is-layout-flow wp-block-group-is-layout-flow\" style=\"border-top-color:var(--wp--preset--color--accent-6);border-top-width:1px;padding-top:var(--wp--preset--spacing--30);padding-bottom:var(--wp--preset--spacing--30)\">\n<h2 class=\"wp-block-heading\">Effects of chronic exposure to a toxic prey in a generalist predato <\/h2>\n\n\n\n<p>Eva N\u00f8lke Fisker, S\u00f8ren Toft Type: <br>Peer reviewed tidsskriftsartikel <br>Physiological Entomology. 29(2) Siderne 129-138 <br>F\u00f8rst publiceret 17. maj 2004<\/p>\n<\/div>\n<\/div>\n<\/div>\n\n\n\n<div class=\"wp-block-columns is-layout-flex wp-container-core-columns-is-layout-cbe57604 wp-block-columns-is-layout-flex\">\n<div class=\"wp-block-column is-layout-flow wp-block-column-is-layout-flow\">\n<div class=\"wp-block-group is-layout-flow wp-block-group-is-layout-flow\" style=\"border-top-color:var(--wp--preset--color--accent-6);border-top-width:1px;padding-top:var(--wp--preset--spacing--30);padding-bottom:var(--wp--preset--spacing--30)\">\n<h2 class=\"wp-block-heading\">A simulation model to evaluate control strategies for the grasshopper <em>Oedaleus senegalensis<\/em> in West Africa<\/h2>\n\n\n\n<p><strong>Eva N\u00f8lke Fisker, Jesper Bak, Abdoulaye Niassy<\/strong> <br>Peer reviewed tidsskriftsartikel <br><strong>Crop Protection<\/strong>. Nummer: <strong>26(4)<\/strong> Siderne <strong>592-601<\/strong>, <strong>2007<\/strong> <br>DOI: <strong>10.1016\/j.cropro.2006.04.026<\/strong><\/p>\n<\/div>\n<\/div>\n\n\n\n<div class=\"wp-block-column is-layout-flow wp-block-column-is-layout-flow\">\n<div class=\"wp-block-group is-layout-flow wp-block-group-is-layout-flow\" style=\"border-top-color:var(--wp--preset--color--accent-6);border-top-width:1px;padding-top:var(--wp--preset--spacing--30);padding-bottom:var(--wp--preset--spacing--30)\">\n<h2 class=\"wp-block-heading\">Infection of non-target grasshoppers by the biological control agent <em>Metarhizium anisopliae<\/em> var. <em>acridum<\/em> in the Sahel<\/h2>\n\n\n\n<p><strong>E. N. Fisker, J. Eilenberg, J. Langewald, N. Elmegaard, Z. Ouambama, C. Kooyman, J. L. Bak<\/strong> <br>Peer reviewed tidsskriftsartikel <br><strong>Biocontrol Science and Technology<\/strong>, <strong>2007<\/strong><\/p>\n<\/div>\n<\/div>\n<\/div>\n\n\n\n<div class=\"wp-block-columns is-layout-flex wp-container-core-columns-is-layout-cbe57604 wp-block-columns-is-layout-flex\">\n<div class=\"wp-block-column is-layout-flow wp-block-column-is-layout-flow\">\n<div class=\"wp-block-group is-layout-flow wp-block-group-is-layout-flow\" style=\"border-top-color:var(--wp--preset--color--accent-6);border-top-width:1px;padding-top:var(--wp--preset--spacing--30);padding-bottom:var(--wp--preset--spacing--30)\">\n<h2 class=\"wp-block-heading\">Methods for risk assessment of biological control programmes in the Sahelian region<\/h2>\n\n\n\n<p><strong>Eva N\u00f8lke Fisker, J.A. Axelsen, Niels Elmegaard, J\u00f8rgen Eilenberg, C. Kooyman, J. Langewald, Z. Ouambama, A. Tonkoano<\/strong><br>Konferencebidrag: <strong>2005<\/strong> <br><strong>Centre R\u00e9gional AGHRYMET, Niamey, Niger<\/strong> <br>Registreret som forskningspublikation i KU\/AU-systemer<\/p>\n<\/div>\n<\/div>\n\n\n\n<div class=\"wp-block-column is-layout-flow wp-block-column-is-layout-flow\">\n<div class=\"wp-block-group is-layout-flow wp-block-group-is-layout-flow\" style=\"border-top-color:var(--wp--preset--color--accent-6);border-top-width:1px;padding-top:var(--wp--preset--spacing--30);padding-bottom:var(--wp--preset--spacing--30)\">\n<h3 class=\"wp-block-heading\"><\/h3>\n<\/div>\n<\/div>\n<\/div>\n<\/div>\n<\/div>\n\n\n\n<aside class=\"wp-block-group alignfull is-style-section-3 has-global-padding is-layout-constrained wp-container-core-group-is-layout-f0f2a97b wp-block-group-is-layout-constrained is-style-section-3--1\" style=\"margin-top:0;margin-bottom:0;padding-top:var(--wp--preset--spacing--50);padding-right:var(--wp--preset--spacing--50);padding-bottom:var(--wp--preset--spacing--50);padding-left:var(--wp--preset--spacing--50)\"><\/aside>\n","protected":false},"excerpt":{"rendered":"<p>Mit forfatterskab Jeg har skrevet, s\u00e5 l\u00e6nge jeg kan huske. Ikke som en plan. Men som en m\u00e5de at forst\u00e5 det, der ikke altid er let at s\u00e6tte ord p\u00e5. I 2003 vandt jeg Jyllands-Postens novellekonkurrence med En tur til Malm\u00f6. Senere blev novellen en del af min samling En tur til Malm\u00f6 og 11 [&hellip;]<\/p>\n","protected":false},"author":1,"featured_media":0,"parent":0,"menu_order":0,"comment_status":"closed","ping_status":"closed","template":"","meta":{"footnotes":""},"class_list":["post-23","page","type-page","status-publish","hentry"],"_links":{"self":[{"href":"https:\/\/evanolke.dk\/index.php\/wp-json\/wp\/v2\/pages\/23","targetHints":{"allow":["GET"]}}],"collection":[{"href":"https:\/\/evanolke.dk\/index.php\/wp-json\/wp\/v2\/pages"}],"about":[{"href":"https:\/\/evanolke.dk\/index.php\/wp-json\/wp\/v2\/types\/page"}],"author":[{"embeddable":true,"href":"https:\/\/evanolke.dk\/index.php\/wp-json\/wp\/v2\/users\/1"}],"replies":[{"embeddable":true,"href":"https:\/\/evanolke.dk\/index.php\/wp-json\/wp\/v2\/comments?post=23"}],"version-history":[{"count":6,"href":"https:\/\/evanolke.dk\/index.php\/wp-json\/wp\/v2\/pages\/23\/revisions"}],"predecessor-version":[{"id":68,"href":"https:\/\/evanolke.dk\/index.php\/wp-json\/wp\/v2\/pages\/23\/revisions\/68"}],"wp:attachment":[{"href":"https:\/\/evanolke.dk\/index.php\/wp-json\/wp\/v2\/media?parent=23"}],"curies":[{"name":"wp","href":"https:\/\/api.w.org\/{rel}","templated":true}]}}